{"id":7129,"date":"2023-02-07T15:17:44","date_gmt":"2023-02-07T22:17:44","guid":{"rendered":"https:\/\/yyj.eclipsedev.tk\/directives-sur-les-voyages\/"},"modified":"2023-04-28T07:23:44","modified_gmt":"2023-04-28T14:23:44","slug":"directives-sur-les-voyages","status":"publish","type":"page","link":"https:\/\/yyj.ca\/fr\/directives-sur-les-voyages\/","title":{"rendered":"Directives sur les voyages"},"content":{"rendered":"\n<section class=\"banner\">\n            <div class=\"image-wrap\">\n            <img fetchpriority=\"high\" decoding=\"async\" width=\"1400\" height=\"933\" src=\"https:\/\/yyj.ca\/wp-content\/uploads\/2023\/03\/YYJ_2023-446.jpg\" class=\"attachment-full size-full\" alt=\"\" loading=\"eager\" srcset=\"https:\/\/yyj.ca\/wp-content\/uploads\/2023\/03\/YYJ_2023-446.jpg 1400w, https:\/\/yyj.ca\/wp-content\/uploads\/2023\/03\/YYJ_2023-446-300x200.jpg 300w, https:\/\/yyj.ca\/wp-content\/uploads\/2023\/03\/YYJ_2023-446-1024x682.jpg 1024w\" sizes=\"(max-width: 1400px) 100vw, 1400px\" \/>        <\/div>\n        <div class=\"container large\">\n                    <h2 class=\"overline\">Directives sur les voyages et<\/h2>\n                    <h1>Ressources compl\u00e9mentaires<\/h1>\n                    <\/div>\n    <div class=\"banner-graphic\">\n        <img decoding=\"async\" src=\"\/wp-content\/themes\/eclipse360\/assets\/images\/banner-bottom.svg\" alt=\"banner-graphic\">\n    <\/div>\n<\/section>\n<section class=\"page-intro\">\n    <div class=\"container\">\n        <div class=\"content\"><p>Lorem ipsum dolor sit amet, consectetur adipiscing elit, sed do eiusmod tempor incidunt ut labore et dolore magna aliqua. Ut enim ad minim veniam, quis nostrud exercitation ullamco laboris nisi ut aliquip ex ea commodo consequat.<\/p>\n<\/div>\n    <\/div>\n<\/section>\n<section class=\"block_background dark\" style=\"background-color: ;\">\n        <div class=\"container moyen\">\n        \n\n<h5 class=\"wp-block-heading\"><a href=\"https:\/\/www.canada.ca\/en\/public-health\/news\/2022\/09\/government-of-canada-to-remove-covid-19-border-and-travel-measures-effective-october-1.html\" target=\"_blank\" rel=\"noreferrer noopener\"><strong>Le gouvernement du Canada supprime les mesures COVID-19 relatives aux fronti\u00e8res et aux voyages \u00e0 compter du 1er octobre 2022<\/strong><\/a><\/h5>\n\n\n\n<p><strong>\u00c0 partir du 1er octobre, toutes les mesures frontali\u00e8res seront lev\u00e9es pour les voyages vers le Canada. Les voyageurs, quelle que soit leur nationalit\u00e9, ne seront plus oblig\u00e9s d&rsquo;\u00eatre en possession d&rsquo;un passeport :<\/strong><\/p>\n\n\n\n<ul class=\"wp-block-list\">\n<li>Fournir une preuve de vaccination<\/li>\n\n\n\n<li>se soumettre au test COVID avant le d\u00e9part ou \u00e0 l&rsquo;arriv\u00e9e<\/li>\n\n\n\n<li>faire l&rsquo;objet d&rsquo;une quarantaine ou d&rsquo;un isolement li\u00e9 au COVID<\/li>\n\n\n\n<li>surveiller ou signaler tout sympt\u00f4me de COVID-19 \u00e0 l&rsquo;entr\u00e9e dans le pays<\/li>\n\n\n\n<li>soumettre des informations de sant\u00e9 publique \u00e0 ArriveCAN<\/li>\n\n\n\n<li>porter un masque dans les avions<\/li>\n\n\n\n<li>se soumettre \u00e0 des contr\u00f4les de sant\u00e9 avant l&#8217;embarquement<\/li>\n<\/ul>\n\n\n\n<p>Il est <strong>fortement recommand\u00e9 aux voyageurs de porter des<\/strong><strong> masques de<\/strong><strong>qualit\u00e9<\/strong> et bien ajust\u00e9s<strong> pendant leur voyage<\/strong>.<\/p>\n\n\n\n<p>Pour obtenir les informations les plus r\u00e9centes sur les voyages au Canada, y compris les exigences et restrictions f\u00e9d\u00e9rales mises \u00e0 jour, veuillez <a href=\"https:\/\/travel.gc.ca\/travel-covid\" target=\"_blank\" rel=\"noreferrer noopener\">consulter le site web du gouvernement du Canada<\/a>.<\/p>\n\n\n\n<div style=\"height:30px\" aria-hidden=\"true\" class=\"wp-block-spacer\"><\/div>\n\n\n\n<figure class=\"wp-block-image size-full\"><a href=\"https:\/\/yyj.ca\/wp-content\/uploads\/2023\/02\/COVID-19_POSTER_-_MASKS_RECOMMENDED.pdf\"><img loading=\"lazy\" decoding=\"async\" width=\"612\" height=\"792\" src=\"https:\/\/aeroportdevictoria.com\/wp-content\/uploads\/2023\/02\/COVID-19_POSTER_-_MASKS_RECOMMENDED.jpg\" alt=\"\" class=\"wp-image-4161\" srcset=\"https:\/\/yyj.ca\/wp-content\/uploads\/2023\/02\/COVID-19_POSTER_-_MASKS_RECOMMENDED.jpg 612w, https:\/\/yyj.ca\/wp-content\/uploads\/2023\/02\/COVID-19_POSTER_-_MASKS_RECOMMENDED-232x300.jpg 232w\" sizes=\"auto, (max-width: 612px) 100vw, 612px\" \/><\/a><\/figure>\n\n\n    <\/div>\n<\/section><section class=\"block_background dark\" style=\"background-color: #e0f7fa;\">\n        <div class=\"container moyen\">\n        \n\n<h3 class=\"wp-block-heading\"><strong>Ressources compl\u00e9mentaires  <\/strong><\/h3>\n\n\n\n<ul class=\"wp-block-list\">\n<li><a href=\"https:\/\/www.canada.ca\/en\/public-health\/services\/diseases\/coronavirus-disease-covid-19.html\" target=\"_blank\" rel=\"noreferrer noopener\">\n  <strong>Agence de sant\u00e9 publique du Canada (ASPC)<\/strong>\n<\/a> et ligne d&rsquo;information COVID-19 883-784-4397  <\/li>\n\n\n\n<li><a href=\"https:\/\/www.canada.ca\/en\/public-health\/services\/diseases\/2019-novel-coronavirus-infection\/latest-travel-health-advice.html\" target=\"_blank\" rel=\"noreferrer noopener\"><strong>Gouvernement du Canada Maladie \u00e0 coronavirus (COVID-19) : Conseils aux voyageurs  <\/strong><\/a><\/li>\n\n\n\n<li><strong><a href=\"https:\/\/aeroportdevictoria.com\/wp-content\/uploads\/2023\/02\/08-04-01_COVID-Suite-of-Products_2020-08-26_EN-2PM_AWdocx.pdf\" target=\"_blank\" rel=\"noreferrer noopener\">Suite d&rsquo;outils COVID-19 du gouvernement du Canada<\/a><\/strong>\n<ul class=\"wp-block-list\">\n<li>Sant\u00e9 Canada a \u00e9labor\u00e9 une liste d&rsquo;outils pour aider les Canadiens \u00e0 endiguer la propagation du COVID-19 alors que l&rsquo;\u00e9conomie continue de rouvrir et de se d\u00e9velopper. Le lien ci-dessus contient des liens vers l&rsquo;application COVID Alert, l&rsquo;application Canada COVID-19, l&rsquo;application ArriveCAN et le portail Wellness Together, ainsi que diverses infographies et vid\u00e9os sur la mani\u00e8re de sortir en toute s\u00e9curit\u00e9 et d&rsquo;utiliser un masque non m\u00e9dical.<\/li>\n<\/ul>\n<\/li>\n\n\n\n<li><strong><a href=\"https:\/\/www.atac.ca\/goc-covid19-doc\" target=\"_blank\" rel=\"noreferrer noopener\">Gouvernement du Canada &#8211; Documents COVID-19  <\/a><\/strong><\/li>\n\n\n\n<li><strong><a href=\"http:\/\/www.bccdc.ca\/health-info\/diseases-conditions\/coronavirus-(novel)\" target=\"_blank\" rel=\"noreferrer noopener\">Centre de contr\u00f4le des maladies de la Colombie-Britannique (CDC)<\/a><\/strong>\n<ul class=\"wp-block-list\">\n<li><a href=\"http:\/\/www.bccdc.ca\/health-info\/diseases-conditions\/covid-19\/common-questions\" target=\"_blank\" rel=\"noreferrer noopener\">COVID-19 Questions courantes  <\/a><\/li>\n\n\n\n<li><a href=\"https:\/\/www.healthlinkbc.ca\/services-and-resources\/about-8-1-1\" target=\"_blank\" rel=\"noreferrer noopener\">HealthLink 8-1-1<\/a><\/li>\n\n\n\n<li>1-888-COVID19 (1-888-268-4319)<\/li>\n\n\n\n<li><a href=\"http:\/\/www.bccdc.ca\/health-info\/diseases-conditions\/covid-19\/prevention-risks\" target=\"_blank\" rel=\"noreferrer noopener\">Pr\u00e9venir la propagation de COVID-19<\/a><\/li>\n<\/ul>\n<\/li>\n<\/ul>\n\n\n\n<ul class=\"wp-block-list\">\n<li><a href=\"https:\/\/tc.canada.ca\/en\/initiatives\/covid-19-measures-updates-guidance-issued-transport-canada\/covid-19-measures-updates-guidance-aviation-issued-transport-canada\" target=\"_blank\" rel=\"noreferrer noopener\"><strong>COVID-19 : Mesures, mises \u00e0 jour et orientations pour l&rsquo;aviation<\/strong><\/a><\/li>\n\n\n\n<li><strong><a href=\"http:\/\/www.twitter.com\/GovCanHealth\" target=\"_blank\" rel=\"noreferrer noopener\">Fil Twitter de l&rsquo;ASPC<\/a>  <\/strong><\/li>\n<\/ul>\n\n\n\n<p><strong>Les Canadiens \u00e0 l&rsquo;\u00e9tranger ont besoin d&rsquo;une aide d&rsquo;urgence<\/strong><\/p>\n\n\n\n<p>Appeler : 1-613-996-8885<br\/>Courriel : <a href=\"mailto:sos@international.gc.ca\" target=\"_blank\" rel=\"noreferrer noopener\">sos@international.gc.ca<\/a><\/p>\n\n\n\n<p>Au Canada, des conseils de voyage COVID-19 sont en vigueur et plusieurs restrictions ont \u00e9t\u00e9 mises en place. Les voyageurs sont invit\u00e9s \u00e0 consulter la page de destination sur le site <a href=\"https:\/\/travel.gc.ca\/\" target=\"_blank\" rel=\"noreferrer noopener\">travel.gc.ca<\/a> pour obtenir les conseils de voyage les plus r\u00e9cents. De nouvelles restrictions peuvent \u00eatre impos\u00e9es sans pr\u00e9avis.<\/p>\n\n\n    <\/div>\n<\/section>","protected":false},"excerpt":{"rendered":"","protected":false},"author":1,"featured_media":0,"parent":0,"menu_order":0,"comment_status":"closed","ping_status":"closed","template":"","meta":{"_acf_changed":false,"footnotes":""},"class_list":["post-7129","page","type-page","status-publish","hentry"],"acf":[],"yoast_head":"<!-- This site is optimized with the Yoast SEO plugin v27.3 - https:\/\/yoast.com\/product\/yoast-seo-wordpress\/ -->\n<title>Directives sur les voyages - Victoria Airport Authority<\/title>\n<meta name=\"robots\" content=\"index, follow, max-snippet:-1, max-image-preview:large, max-video-preview:-1\" \/>\n<link rel=\"canonical\" href=\"https:\/\/yyj.ca\/fr\/directives-sur-les-voyages\/\" \/>\n<meta property=\"og:locale\" content=\"fr_FR\" \/>\n<meta property=\"og:type\" content=\"article\" \/>\n<meta property=\"og:title\" content=\"Directives sur les voyages - Victoria Airport Authority\" \/>\n<meta property=\"og:url\" content=\"https:\/\/yyj.ca\/fr\/directives-sur-les-voyages\/\" \/>\n<meta property=\"og:site_name\" content=\"Victoria Airport Authority\" \/>\n<meta property=\"article:modified_time\" content=\"2023-04-28T14:23:44+00:00\" \/>\n<meta property=\"og:image\" content=\"https:\/\/aeroportdevictoria.com\/wp-content\/uploads\/2023\/02\/COVID-19_POSTER_-_MASKS_RECOMMENDED.jpg\" \/>\n<meta name=\"twitter:card\" content=\"summary_large_image\" \/>\n<meta name=\"twitter:label1\" content=\"Dur\u00e9e de lecture estim\u00e9e\" \/>\n\t<meta name=\"twitter:data1\" content=\"2 minutes\" \/>\n<script type=\"application\/ld+json\" class=\"yoast-schema-graph\">{\"@context\":\"https:\\\/\\\/schema.org\",\"@graph\":[{\"@type\":\"WebPage\",\"@id\":\"https:\\\/\\\/yyj.ca\\\/fr\\\/directives-sur-les-voyages\\\/\",\"url\":\"https:\\\/\\\/yyj.ca\\\/fr\\\/directives-sur-les-voyages\\\/\",\"name\":\"Directives sur les voyages - Victoria Airport Authority\",\"isPartOf\":{\"@id\":\"https:\\\/\\\/yyj.ca\\\/fr\\\/#website\"},\"primaryImageOfPage\":{\"@id\":\"https:\\\/\\\/yyj.ca\\\/fr\\\/directives-sur-les-voyages\\\/#primaryimage\"},\"image\":{\"@id\":\"https:\\\/\\\/yyj.ca\\\/fr\\\/directives-sur-les-voyages\\\/#primaryimage\"},\"thumbnailUrl\":\"https:\\\/\\\/aeroportdevictoria.com\\\/wp-content\\\/uploads\\\/2023\\\/02\\\/COVID-19_POSTER_-_MASKS_RECOMMENDED.jpg\",\"datePublished\":\"2023-02-07T22:17:44+00:00\",\"dateModified\":\"2023-04-28T14:23:44+00:00\",\"breadcrumb\":{\"@id\":\"https:\\\/\\\/yyj.ca\\\/fr\\\/directives-sur-les-voyages\\\/#breadcrumb\"},\"inLanguage\":\"fr-FR\",\"potentialAction\":[{\"@type\":\"ReadAction\",\"target\":[\"https:\\\/\\\/yyj.ca\\\/fr\\\/directives-sur-les-voyages\\\/\"]}]},{\"@type\":\"ImageObject\",\"inLanguage\":\"fr-FR\",\"@id\":\"https:\\\/\\\/yyj.ca\\\/fr\\\/directives-sur-les-voyages\\\/#primaryimage\",\"url\":\"https:\\\/\\\/aeroportdevictoria.com\\\/wp-content\\\/uploads\\\/2023\\\/02\\\/COVID-19_POSTER_-_MASKS_RECOMMENDED.jpg\",\"contentUrl\":\"https:\\\/\\\/aeroportdevictoria.com\\\/wp-content\\\/uploads\\\/2023\\\/02\\\/COVID-19_POSTER_-_MASKS_RECOMMENDED.jpg\"},{\"@type\":\"BreadcrumbList\",\"@id\":\"https:\\\/\\\/yyj.ca\\\/fr\\\/directives-sur-les-voyages\\\/#breadcrumb\",\"itemListElement\":[{\"@type\":\"ListItem\",\"position\":1,\"name\":\"Home\",\"item\":\"https:\\\/\\\/yyj.ca\\\/fr\\\/\"},{\"@type\":\"ListItem\",\"position\":2,\"name\":\"Directives sur les voyages\"}]},{\"@type\":\"WebSite\",\"@id\":\"https:\\\/\\\/yyj.ca\\\/fr\\\/#website\",\"url\":\"https:\\\/\\\/yyj.ca\\\/fr\\\/\",\"name\":\"Victoria Airport Authority\",\"description\":\"Victoria International Airport\",\"publisher\":{\"@id\":\"https:\\\/\\\/yyj.ca\\\/fr\\\/#organization\"},\"potentialAction\":[{\"@type\":\"SearchAction\",\"target\":{\"@type\":\"EntryPoint\",\"urlTemplate\":\"https:\\\/\\\/yyj.ca\\\/fr\\\/?s={search_term_string}\"},\"query-input\":{\"@type\":\"PropertyValueSpecification\",\"valueRequired\":true,\"valueName\":\"search_term_string\"}}],\"inLanguage\":\"fr-FR\"},{\"@type\":\"Organization\",\"@id\":\"https:\\\/\\\/yyj.ca\\\/fr\\\/#organization\",\"name\":\"Victoria Inernational Airport\",\"url\":\"https:\\\/\\\/yyj.ca\\\/fr\\\/\",\"logo\":{\"@type\":\"ImageObject\",\"inLanguage\":\"fr-FR\",\"@id\":\"https:\\\/\\\/yyj.ca\\\/fr\\\/#\\\/schema\\\/logo\\\/image\\\/\",\"url\":\"https:\\\/\\\/aeroportdevictoria.com\\\/wp-content\\\/uploads\\\/2023\\\/06\\\/yyj-logo.svg\",\"contentUrl\":\"https:\\\/\\\/aeroportdevictoria.com\\\/wp-content\\\/uploads\\\/2023\\\/06\\\/yyj-logo.svg\",\"width\":378,\"height\":73,\"caption\":\"Victoria Inernational Airport\"},\"image\":{\"@id\":\"https:\\\/\\\/yyj.ca\\\/fr\\\/#\\\/schema\\\/logo\\\/image\\\/\"}}]}<\/script>\n<!-- \/ Yoast SEO plugin. -->","yoast_head_json":{"title":"Directives sur les voyages - Victoria Airport Authority","robots":{"index":"index","follow":"follow","max-snippet":"max-snippet:-1","max-image-preview":"max-image-preview:large","max-video-preview":"max-video-preview:-1"},"canonical":"https:\/\/yyj.ca\/fr\/directives-sur-les-voyages\/","og_locale":"fr_FR","og_type":"article","og_title":"Directives sur les voyages - Victoria Airport Authority","og_url":"https:\/\/yyj.ca\/fr\/directives-sur-les-voyages\/","og_site_name":"Victoria Airport Authority","article_modified_time":"2023-04-28T14:23:44+00:00","og_image":[{"url":"https:\/\/aeroportdevictoria.com\/wp-content\/uploads\/2023\/02\/COVID-19_POSTER_-_MASKS_RECOMMENDED.jpg","type":"","width":"","height":""}],"twitter_card":"summary_large_image","twitter_misc":{"Dur\u00e9e de lecture estim\u00e9e":"2 minutes"},"schema":{"@context":"https:\/\/schema.org","@graph":[{"@type":"WebPage","@id":"https:\/\/yyj.ca\/fr\/directives-sur-les-voyages\/","url":"https:\/\/yyj.ca\/fr\/directives-sur-les-voyages\/","name":"Directives sur les voyages - Victoria Airport Authority","isPartOf":{"@id":"https:\/\/yyj.ca\/fr\/#website"},"primaryImageOfPage":{"@id":"https:\/\/yyj.ca\/fr\/directives-sur-les-voyages\/#primaryimage"},"image":{"@id":"https:\/\/yyj.ca\/fr\/directives-sur-les-voyages\/#primaryimage"},"thumbnailUrl":"https:\/\/aeroportdevictoria.com\/wp-content\/uploads\/2023\/02\/COVID-19_POSTER_-_MASKS_RECOMMENDED.jpg","datePublished":"2023-02-07T22:17:44+00:00","dateModified":"2023-04-28T14:23:44+00:00","breadcrumb":{"@id":"https:\/\/yyj.ca\/fr\/directives-sur-les-voyages\/#breadcrumb"},"inLanguage":"fr-FR","potentialAction":[{"@type":"ReadAction","target":["https:\/\/yyj.ca\/fr\/directives-sur-les-voyages\/"]}]},{"@type":"ImageObject","inLanguage":"fr-FR","@id":"https:\/\/yyj.ca\/fr\/directives-sur-les-voyages\/#primaryimage","url":"https:\/\/aeroportdevictoria.com\/wp-content\/uploads\/2023\/02\/COVID-19_POSTER_-_MASKS_RECOMMENDED.jpg","contentUrl":"https:\/\/aeroportdevictoria.com\/wp-content\/uploads\/2023\/02\/COVID-19_POSTER_-_MASKS_RECOMMENDED.jpg"},{"@type":"BreadcrumbList","@id":"https:\/\/yyj.ca\/fr\/directives-sur-les-voyages\/#breadcrumb","itemListElement":[{"@type":"ListItem","position":1,"name":"Home","item":"https:\/\/yyj.ca\/fr\/"},{"@type":"ListItem","position":2,"name":"Directives sur les voyages"}]},{"@type":"WebSite","@id":"https:\/\/yyj.ca\/fr\/#website","url":"https:\/\/yyj.ca\/fr\/","name":"Victoria Airport Authority","description":"Victoria International Airport","publisher":{"@id":"https:\/\/yyj.ca\/fr\/#organization"},"potentialAction":[{"@type":"SearchAction","target":{"@type":"EntryPoint","urlTemplate":"https:\/\/yyj.ca\/fr\/?s={search_term_string}"},"query-input":{"@type":"PropertyValueSpecification","valueRequired":true,"valueName":"search_term_string"}}],"inLanguage":"fr-FR"},{"@type":"Organization","@id":"https:\/\/yyj.ca\/fr\/#organization","name":"Victoria Inernational Airport","url":"https:\/\/yyj.ca\/fr\/","logo":{"@type":"ImageObject","inLanguage":"fr-FR","@id":"https:\/\/yyj.ca\/fr\/#\/schema\/logo\/image\/","url":"https:\/\/aeroportdevictoria.com\/wp-content\/uploads\/2023\/06\/yyj-logo.svg","contentUrl":"https:\/\/aeroportdevictoria.com\/wp-content\/uploads\/2023\/06\/yyj-logo.svg","width":378,"height":73,"caption":"Victoria Inernational Airport"},"image":{"@id":"https:\/\/yyj.ca\/fr\/#\/schema\/logo\/image\/"}}]}},"_links":{"self":[{"href":"https:\/\/yyj.ca\/fr\/wp-json\/wp\/v2\/pages\/7129","targetHints":{"allow":["GET"]}}],"collection":[{"href":"https:\/\/yyj.ca\/fr\/wp-json\/wp\/v2\/pages"}],"about":[{"href":"https:\/\/yyj.ca\/fr\/wp-json\/wp\/v2\/types\/page"}],"author":[{"embeddable":true,"href":"https:\/\/yyj.ca\/fr\/wp-json\/wp\/v2\/users\/1"}],"replies":[{"embeddable":true,"href":"https:\/\/yyj.ca\/fr\/wp-json\/wp\/v2\/comments?post=7129"}],"version-history":[{"count":0,"href":"https:\/\/yyj.ca\/fr\/wp-json\/wp\/v2\/pages\/7129\/revisions"}],"wp:attachment":[{"href":"https:\/\/yyj.ca\/fr\/wp-json\/wp\/v2\/media?parent=7129"}],"curies":[{"name":"wp","href":"https:\/\/api.w.org\/{rel}","templated":true}]}}