{"version":"1.0","provider_name":"Victoria Airport Authority","provider_url":"https:\/\/yyj.ca\/fr\/","title":"Journ\u00e9e nationale de la v\u00e9rit\u00e9 et la r\u00e9conciliation - Victoria Airport Authority","type":"rich","width":600,"height":338,"html":"<blockquote class=\"wp-embedded-content\" data-secret=\"ydZofbgkBJ\"><a href=\"https:\/\/yyj.ca\/fr\/journee-nationale-de-la-verite-et-la-reconciliation\/\">Journ\u00e9e nationale de la v\u00e9rit\u00e9 et la r\u00e9conciliation<\/a><\/blockquote><iframe sandbox=\"allow-scripts\" security=\"restricted\" src=\"https:\/\/yyj.ca\/fr\/journee-nationale-de-la-verite-et-la-reconciliation\/embed\/#?secret=ydZofbgkBJ\" width=\"600\" height=\"338\" title=\"\u00ab\u00a0Journ\u00e9e nationale de la v\u00e9rit\u00e9 et la r\u00e9conciliation\u00a0\u00bb &#8212; Victoria Airport Authority\" data-secret=\"ydZofbgkBJ\" frameborder=\"0\" marginwidth=\"0\" marginheight=\"0\" scrolling=\"no\" class=\"wp-embedded-content\"><\/iframe><script type=\"text\/javascript\">\n\/* <![CDATA[ *\/\n\/*! This file is auto-generated *\/\n!function(d,l){\"use strict\";l.querySelector&&d.addEventListener&&\"undefined\"!=typeof URL&&(d.wp=d.wp||{},d.wp.receiveEmbedMessage||(d.wp.receiveEmbedMessage=function(e){var t=e.data;if((t||t.secret||t.message||t.value)&&!\/[^a-zA-Z0-9]\/.test(t.secret)){for(var s,r,n,a=l.querySelectorAll('iframe[data-secret=\"'+t.secret+'\"]'),o=l.querySelectorAll('blockquote[data-secret=\"'+t.secret+'\"]'),c=new RegExp(\"^https?:$\",\"i\"),i=0;i<o.length;i++)o[i].style.display=\"none\";for(i=0;i<a.length;i++)s=a[i],e.source===s.contentWindow&&(s.removeAttribute(\"style\"),\"height\"===t.message?(1e3<(r=parseInt(t.value,10))?r=1e3:~~r<200&&(r=200),s.height=r):\"link\"===t.message&&(r=new URL(s.getAttribute(\"src\")),n=new URL(t.value),c.test(n.protocol))&&n.host===r.host&&l.activeElement===s&&(d.top.location.href=t.value))}},d.addEventListener(\"message\",d.wp.receiveEmbedMessage,!1),l.addEventListener(\"DOMContentLoaded\",function(){for(var e,t,s=l.querySelectorAll(\"iframe.wp-embedded-content\"),r=0;r<s.length;r++)(t=(e=s[r]).getAttribute(\"data-secret\"))||(t=Math.random().toString(36).substring(2,12),e.src+=\"#?secret=\"+t,e.setAttribute(\"data-secret\",t)),e.contentWindow.postMessage({message:\"ready\",secret:t},\"*\")},!1)))}(window,document);\n\/\/# sourceURL=https:\/\/yyj.ca\/wp-includes\/js\/wp-embed.min.js\n\/* ]]> *\/\n<\/script>\n","description":"Aujourd\u2019hui, nous prenons le temps de rendre hommage aux personnes survivantes des pensionnats autochtones, \u00e0 leurs familles et \u00e0 leurs communaut\u00e9s. Nous reconnaissons leur force, leur dignit\u00e9 et leur r\u00e9sistance, et nous nous souvenons des enfants qui ne sont jamais rentr\u00e9s \u00e0 la maison. L\u2019Autorit\u00e9 a\u00e9roportuaire de Victoria exerce ses activit\u00e9s sur le territoire du ...","thumbnail_url":"https:\/\/aeroportdevictoria.com\/wp-content\/uploads\/2025\/09\/thumbnail_IMG_0813-2-1024x1024.jpg"}